{"version":"1.0","provider_name":"SVCHC","provider_url":"https:\/\/svchc.org\/espanol","author_name":"svchcuser","author_url":"https:\/\/svchc.org\/espanol\/author\/svchcuser\/","title":"Presentacion Educativa Covered Sonoma - Springs Village Apartments - SVCHC","type":"rich","width":600,"height":338,"html":"<blockquote class=\"wp-embedded-content\" data-secret=\"0Geu3Zij60\"><a href=\"https:\/\/svchc.org\/espanol\/presentacion-educativa-covered-sonoma-springs-village-apartments\/\">Presentacion Educativa Covered Sonoma &#8211; Springs Village Apartments<\/a><\/blockquote><iframe sandbox=\"allow-scripts\" security=\"restricted\" src=\"https:\/\/svchc.org\/espanol\/presentacion-educativa-covered-sonoma-springs-village-apartments\/embed\/#?secret=0Geu3Zij60\" width=\"600\" height=\"338\" title=\"&#8220;Presentacion Educativa Covered Sonoma &#8211; Springs Village Apartments&#8221; &#8212; SVCHC\" data-secret=\"0Geu3Zij60\" frameborder=\"0\" marginwidth=\"0\" marginheight=\"0\" scrolling=\"no\" class=\"wp-embedded-content\"><\/iframe><script>\n\/*! This file is auto-generated *\/\n!function(d,l){\"use strict\";l.querySelector&&d.addEventListener&&\"undefined\"!=typeof URL&&(d.wp=d.wp||{},d.wp.receiveEmbedMessage||(d.wp.receiveEmbedMessage=function(e){var t=e.data;if((t||t.secret||t.message||t.value)&&!\/[^a-zA-Z0-9]\/.test(t.secret)){for(var s,r,n,a=l.querySelectorAll('iframe[data-secret=\"'+t.secret+'\"]'),o=l.querySelectorAll('blockquote[data-secret=\"'+t.secret+'\"]'),c=new RegExp(\"^https?:$\",\"i\"),i=0;i<o.length;i++)o[i].style.display=\"none\";for(i=0;i<a.length;i++)s=a[i],e.source===s.contentWindow&&(s.removeAttribute(\"style\"),\"height\"===t.message?(1e3<(r=parseInt(t.value,10))?r=1e3:~~r<200&&(r=200),s.height=r):\"link\"===t.message&&(r=new URL(s.getAttribute(\"src\")),n=new URL(t.value),c.test(n.protocol))&&n.host===r.host&&l.activeElement===s&&(d.top.location.href=t.value))}},d.addEventListener(\"message\",d.wp.receiveEmbedMessage,!1),l.addEventListener(\"DOMContentLoaded\",function(){for(var e,t,s=l.querySelectorAll(\"iframe.wp-embedded-content\"),r=0;r<s.length;r++)(t=(e=s[r]).getAttribute(\"data-secret\"))||(t=Math.random().toString(36).substring(2,12),e.src+=\"#?secret=\"+t,e.setAttribute(\"data-secret\",t)),e.contentWindow.postMessage({message:\"ready\",secret:t},\"*\")},!1)))}(window,document);\n<\/script>\n","description":"&nbsp; SVCHC organizar\u00e1 una presentaci\u00f3n educativa con el prop\u00f3sito de aumentar el conocimiento sobre la elegibilidad para la cobertura m\u00e9dica de los trabajadores de bajos ingresos. Los temas de la presentaci\u00f3n incluir\u00e1n carga p\u00fablica, expansi\u00f3n de Medi-Cal, fin del per\u00edodo...Read More","thumbnail_url":"https:\/\/svchc.org\/espanol\/wp-content\/uploads\/sites\/3\/2024\/02\/Capture-9-220x300.jpg"}